{"id":3941,"date":"2018-08-04T15:39:29","date_gmt":"2018-08-04T13:39:29","guid":{"rendered":"https:\/\/en.germansuzuki.com\/?page_id=3941"},"modified":"2019-03-23T13:58:12","modified_gmt":"2019-03-23T11:58:12","slug":"la-marque-suzuki-version-francaise","status":"publish","type":"page","link":"https:\/\/en.germansuzuki.com\/?page_id=3941","title":{"rendered":"La marque SUZUKI &#8211; Version fran\u00e7aise"},"content":{"rendered":"[vc_row type=&#8221;in_container&#8221; full_screen_row_position=&#8221;middle&#8221; scene_position=&#8221;center&#8221; text_color=&#8221;dark&#8221; text_align=&#8221;left&#8221; id=&#8221;quote&#8221; overlay_strength=&#8221;0.3&#8243; shape_divider_position=&#8221;bottom&#8221; shape_type=&#8221;&#8221;][vc_column column_padding=&#8221;no-extra-padding&#8221; column_padding_position=&#8221;all&#8221; background_color=&#8221;#eaeaea&#8221; background_color_opacity=&#8221;1&#8243; background_hover_color_opacity=&#8221;1&#8243; column_shadow=&#8221;none&#8221; column_border_radius=&#8221;none&#8221; width=&#8221;1\/1&#8243; tablet_text_alignment=&#8221;default&#8221; phone_text_alignment=&#8221;default&#8221; column_border_width=&#8221;none&#8221; column_border_style=&#8221;solid&#8221;]<div class=\"divider-wrap\"><div style=\"margin-top: 12px; height: 4px; margin-bottom: 12px;\" data-width=\"100%\" data-animate=\"yes\" data-animation-delay=\"\" data-color=\"accent-color\" class=\"divider-border\"><\/div><\/div>[vc_column_text]\n<h2 style=\"text-align: center;\"><span style=\"color: #000080;\">Information <span id=\"result_box\" class=\"\" lang=\"fr\"><span class=\"\">sur la marque<\/span><\/span> SUZUKI<\/span><\/h2>\n<p><img loading=\"lazy\" class=\"aligncenter wp-image-3867\" src=\"https:\/\/en.germansuzuki.com\/wp-content\/uploads\/2018\/07\/WhatistheOfficeforHarmonizationintheInternalMarket-300x225.jpg\" alt=\"\" width=\"521\" height=\"391\" srcset=\"https:\/\/en.germansuzuki.com\/wp-content\/uploads\/2018\/07\/WhatistheOfficeforHarmonizationintheInternalMarket-300x225.jpg 300w, https:\/\/en.germansuzuki.com\/wp-content\/uploads\/2018\/07\/WhatistheOfficeforHarmonizationintheInternalMarket-768x576.jpg 768w, https:\/\/en.germansuzuki.com\/wp-content\/uploads\/2018\/07\/WhatistheOfficeforHarmonizationintheInternalMarket.jpg 1024w\" sizes=\"(max-width: 521px) 100vw, 521px\" \/>[\/vc_column_text][vc_column_text]\n<h3 style=\"text-align: center;\"><span style=\"color: #000080;\"><span id=\"result_box\" class=\"\" lang=\"fr\"><span class=\"\">La situation en Allemagne<\/span><\/span><br \/>\n<\/span><\/h3>\n<h4 style=\"text-align: center;\"><strong>Dans son arr\u00eat du 2 juillet 2013 (num\u00e9ro du dossier: 24 W (pat) 520\/11), <span style=\"color: #993300;\">la Cour f\u00e9d\u00e9rale des Brevets<\/span> a estim\u00e9 que le terme \u00ab\u00a0SUZUKI\u00a0\u00bb \u00e9tait un concept d\u00e9crivant des activit\u00e9s de p\u00e9dagogie musicale et que, de ce fait,<br \/>\nil ne pouvait b\u00e9n\u00e9ficier en Allemagne de la protection attribu\u00e9e \u00e0 une marque d\u00e9pos\u00e9e.<\/strong><\/h4>\n<h4 style=\"text-align: center;\"><span style=\"color: #993300;\">C\u2019est pourquoi toute personne exer\u00e7ant une activit\u00e9 p\u00e9dagogique d\u2019enseignement et de formation musicale<br \/>\na le droit d\u2019utiliser librement le terme \u00ab\u00a0SUZUKI\u00a0\u00bb.<\/span><\/h4>\n[\/vc_column_text]<div class=\"divider-wrap\"><div style=\"margin-top: 12px; height: 4px; margin-bottom: 12px;\" data-width=\"100%\" data-animate=\"yes\" data-animation-delay=\"\" data-color=\"accent-color\" class=\"divider-border\"><\/div><\/div>[vc_column_text]\n<h3 style=\"text-align: center;\"><span style=\"color: #000080;\"><span id=\"result_box\" class=\"\" lang=\"fr\"><span class=\"\">La situation en Europe<\/span><\/span><br \/>\n<\/span><\/h3>\n<h4 style=\"text-align: center;\">En outre, <span style=\"color: #993300;\">l\u2019Office europ\u00e9en pour la propri\u00e9t\u00e9 intellectuelle<\/span> a d\u00e9cid\u00e9, dans ses conclusions du 12.11.2014 (dossier N\u00b0: 000007149C),<br \/>\n<span style=\"color: #993300;\">de supprimer la marque \u00ab\u00a0SUZUKI\u00a0\u00bb de l\u2019ISA<\/span> (International Suzuki Association)<br \/>\npour ce qui concerne l\u2019\u00e9ducation musicale, \u00e9tant donn\u00e9 que l\u2019ISA n\u2019a pas utilis\u00e9 la marque \u00ab\u00a0SUZUKI\u00a0\u00bb pour ce type d\u2019activit\u00e9s.<\/h4>\n<h4 style=\"text-align: center;\">Une copie de ces deux d\u00e9cisions peut \u00eatre mise \u00e0 votre disposition sur demande.<\/h4>\n[\/vc_column_text]<div class=\"divider-wrap\"><div style=\"margin-top: 12px; height: 4px; margin-bottom: 12px;\" data-width=\"100%\" data-animate=\"yes\" data-animation-delay=\"\" data-color=\"accent-color\" class=\"divider-border\"><\/div><\/div>[vc_column_text]\n<h2 style=\"text-align: center;\"><img loading=\"lazy\" class=\"aligncenter size-large wp-image-3864\" src=\"https:\/\/en.germansuzuki.com\/wp-content\/uploads\/2018\/07\/Excerpt_revocation_CTM_Suzuki-724x1024.jpg\" alt=\"\" width=\"724\" height=\"1024\" srcset=\"https:\/\/en.germansuzuki.com\/wp-content\/uploads\/2018\/07\/Excerpt_revocation_CTM_Suzuki-724x1024.jpg 724w, https:\/\/en.germansuzuki.com\/wp-content\/uploads\/2018\/07\/Excerpt_revocation_CTM_Suzuki-212x300.jpg 212w, https:\/\/en.germansuzuki.com\/wp-content\/uploads\/2018\/07\/Excerpt_revocation_CTM_Suzuki-768x1086.jpg 768w, https:\/\/en.germansuzuki.com\/wp-content\/uploads\/2018\/07\/Excerpt_revocation_CTM_Suzuki.jpg 1489w\" sizes=\"(max-width: 724px) 100vw, 724px\" \/><\/h2>\n[\/vc_column_text]<div class=\"divider-wrap\"><div style=\"margin-top: 12px; height: 4px; margin-bottom: 12px;\" data-width=\"100%\" data-animate=\"yes\" data-animation-delay=\"\" data-color=\"accent-color\" class=\"divider-border\"><\/div><\/div>[vc_column_text]\n<h2 style=\"text-align: center;\"><span style=\"color: #000080;\">En clair,<\/span><\/h2>\n<h3 style=\"text-align: center;\">cela signifie que ni l\u2019ESA (European Suzuki Association) ni l\u2019ISA<br \/>\n<span style=\"color: #993300;\">ne sont autoris\u00e9es \u00e0 interdire l\u2019utilisation<\/span> en toute libert\u00e9 du terme \u00ab\u00a0SUZUKI\u00a0\u00bb<br \/>\nconcernant des activit\u00e9s de p\u00e9dagogie musicale,<br \/>\nque ce soit <span style=\"color: #993300;\">en Allemagne ou en Europe<\/span>.<\/h3>\n<h2 style=\"text-align: center;\"><span style=\"color: #000080;\">Des informations qui pourraient vous laisser croire le contraire<br \/>\nsont fausses.<\/span><\/h2>\n[\/vc_column_text]<div class=\"divider-wrap\"><div style=\"margin-top: 12px; height: 4px; margin-bottom: 12px;\" data-width=\"100%\" data-animate=\"yes\" data-animation-delay=\"\" data-color=\"accent-color\" class=\"divider-border\"><\/div><\/div>[\/vc_column][\/vc_row][vc_row type=&#8221;in_container&#8221; full_screen_row_position=&#8221;middle&#8221; scene_position=&#8221;center&#8221; text_color=&#8221;dark&#8221; text_align=&#8221;left&#8221; overlay_strength=&#8221;0.3&#8243; shape_divider_position=&#8221;bottom&#8221;][vc_column column_padding=&#8221;no-extra-padding&#8221; column_padding_position=&#8221;all&#8221; background_color_opacity=&#8221;1&#8243; background_hover_color_opacity=&#8221;1&#8243; column_shadow=&#8221;none&#8221; column_border_radius=&#8221;none&#8221; width=&#8221;1\/6&#8243; tablet_text_alignment=&#8221;default&#8221; phone_text_alignment=&#8221;default&#8221; column_border_width=&#8221;none&#8221; column_border_style=&#8221;solid&#8221;]<div class=\"divider-wrap\"><div style=\"height: 25px;\" class=\"divider\"><\/div><\/div>[\/vc_column][vc_column column_padding=&#8221;no-extra-padding&#8221; column_padding_position=&#8221;all&#8221; background_color_opacity=&#8221;1&#8243; background_hover_color_opacity=&#8221;1&#8243; column_shadow=&#8221;none&#8221; column_border_radius=&#8221;none&#8221; width=&#8221;1\/6&#8243; tablet_text_alignment=&#8221;default&#8221; phone_text_alignment=&#8221;default&#8221; column_border_width=&#8221;none&#8221; column_border_style=&#8221;solid&#8221;][vc_column_text]<a href=\"https:\/\/en.germansuzuki.com\/?page_id=3885\"><img loading=\"lazy\" class=\" wp-image-3628 alignright\" src=\"https:\/\/en.germansuzuki.com\/wp-content\/uploads\/2018\/03\/america-flag.png\" alt=\"\" width=\"449\" height=\"279\" srcset=\"https:\/\/en.germansuzuki.com\/wp-content\/uploads\/2018\/03\/america-flag.png 640w, https:\/\/en.germansuzuki.com\/wp-content\/uploads\/2018\/03\/america-flag-300x186.png 300w\" sizes=\"(max-width: 449px) 100vw, 449px\" \/><\/a>[\/vc_column_text][\/vc_column][vc_column column_padding=&#8221;no-extra-padding&#8221; column_padding_position=&#8221;all&#8221; background_color_opacity=&#8221;1&#8243; background_hover_color_opacity=&#8221;1&#8243; column_shadow=&#8221;none&#8221; column_border_radius=&#8221;none&#8221; width=&#8221;2\/3&#8243; tablet_text_alignment=&#8221;default&#8221; phone_text_alignment=&#8221;default&#8221; column_border_width=&#8221;none&#8221; column_border_style=&#8221;solid&#8221;]<div class=\"divider-wrap\"><div style=\"height: 25px;\" class=\"divider\"><\/div><\/div><div class=\"divider-wrap\"><div style=\"height: 25px;\" class=\"divider\"><\/div><\/div>[vc_column_text]\n<h3 style=\"text-align: left;\"><a href=\"https:\/\/en.germansuzuki.com\/?page_id=3885\"><span style=\"color: #000080;\">English Version<\/span><\/a><\/h3>\n<h3 style=\"text-align: left;\"><a href=\"https:\/\/en.germansuzuki.com\/?page_id=3885\"><span style=\"color: #000080;\">Note regarding the <em>SUZUKI <\/em>trademark<\/span><\/a><\/h3>\n[\/vc_column_text][\/vc_column][\/vc_row][vc_row type=&#8221;in_container&#8221; full_screen_row_position=&#8221;middle&#8221; scene_position=&#8221;center&#8221; text_color=&#8221;dark&#8221; text_align=&#8221;left&#8221; overlay_strength=&#8221;0.3&#8243; shape_divider_position=&#8221;bottom&#8221;][vc_column column_padding=&#8221;no-extra-padding&#8221; column_padding_position=&#8221;all&#8221; background_color_opacity=&#8221;1&#8243; background_hover_color_opacity=&#8221;1&#8243; column_shadow=&#8221;none&#8221; column_border_radius=&#8221;none&#8221; width=&#8221;1\/6&#8243; tablet_text_alignment=&#8221;default&#8221; phone_text_alignment=&#8221;default&#8221; column_border_width=&#8221;none&#8221; column_border_style=&#8221;solid&#8221;]<div class=\"divider-wrap\"><div style=\"height: 25px;\" class=\"divider\"><\/div><\/div>[\/vc_column][vc_column column_padding=&#8221;no-extra-padding&#8221; column_padding_position=&#8221;all&#8221; background_color_opacity=&#8221;1&#8243; background_hover_color_opacity=&#8221;1&#8243; column_shadow=&#8221;none&#8221; column_border_radius=&#8221;none&#8221; width=&#8221;1\/6&#8243; tablet_text_alignment=&#8221;default&#8221; phone_text_alignment=&#8221;default&#8221; column_border_width=&#8221;none&#8221; column_border_style=&#8221;solid&#8221;][vc_column_text]<a href=\"https:\/\/en.germansuzuki.com\/?page_id=3875\"><img loading=\"lazy\" class=\" wp-image-3874 alignright\" src=\"https:\/\/en.germansuzuki.com\/wp-content\/uploads\/2018\/07\/spain-28530_1280.png\" alt=\"\" width=\"450\" height=\"300\" srcset=\"https:\/\/en.germansuzuki.com\/wp-content\/uploads\/2018\/07\/spain-28530_1280.png 1280w, https:\/\/en.germansuzuki.com\/wp-content\/uploads\/2018\/07\/spain-28530_1280-300x200.png 300w, https:\/\/en.germansuzuki.com\/wp-content\/uploads\/2018\/07\/spain-28530_1280-768x511.png 768w, https:\/\/en.germansuzuki.com\/wp-content\/uploads\/2018\/07\/spain-28530_1280-1024x682.png 1024w, https:\/\/en.germansuzuki.com\/wp-content\/uploads\/2018\/07\/spain-28530_1280-900x600.png 900w\" sizes=\"(max-width: 450px) 100vw, 450px\" \/><\/a>[\/vc_column_text][\/vc_column][vc_column column_padding=&#8221;no-extra-padding&#8221; column_padding_position=&#8221;all&#8221; background_color_opacity=&#8221;1&#8243; background_hover_color_opacity=&#8221;1&#8243; column_shadow=&#8221;none&#8221; column_border_radius=&#8221;none&#8221; width=&#8221;2\/3&#8243; tablet_text_alignment=&#8221;default&#8221; phone_text_alignment=&#8221;default&#8221; column_border_width=&#8221;none&#8221; column_border_style=&#8221;solid&#8221;]<div class=\"divider-wrap\"><div style=\"height: 25px;\" class=\"divider\"><\/div><\/div><div class=\"divider-wrap\"><div style=\"height: 25px;\" class=\"divider\"><\/div><\/div>[vc_column_text]\n<h3><a href=\"https:\/\/en.germansuzuki.com\/?page_id=3875\"><span style=\"color: #000080;\"><span id=\"result_box\" class=\"short_text\" lang=\"es\" tabindex=\"-1\"><span class=\"\">Version en espa\u00f1ol<\/span><\/span><\/span><\/a><\/h3>\n<h3><a href=\"https:\/\/en.germansuzuki.com\/?page_id=3875\"><span style=\"color: #000080;\">Informaci\u00f3n referente a la marca registrada <em>SUZUKI<\/em><\/span><\/a><\/h3>\n[\/vc_column_text][\/vc_column][\/vc_row][vc_row type=&#8221;in_container&#8221; full_screen_row_position=&#8221;middle&#8221; scene_position=&#8221;center&#8221; text_color=&#8221;dark&#8221; text_align=&#8221;left&#8221; overlay_strength=&#8221;0.3&#8243; shape_divider_position=&#8221;bottom&#8221;][vc_column column_padding=&#8221;no-extra-padding&#8221; column_padding_position=&#8221;all&#8221; background_color_opacity=&#8221;1&#8243; background_hover_color_opacity=&#8221;1&#8243; column_shadow=&#8221;none&#8221; column_border_radius=&#8221;none&#8221; width=&#8221;1\/6&#8243; tablet_text_alignment=&#8221;default&#8221; phone_text_alignment=&#8221;default&#8221; column_border_width=&#8221;none&#8221; column_border_style=&#8221;solid&#8221;]<div class=\"divider-wrap\"><div style=\"height: 25px;\" class=\"divider\"><\/div><\/div>[\/vc_column][vc_column column_padding=&#8221;no-extra-padding&#8221; column_padding_position=&#8221;all&#8221; background_color_opacity=&#8221;1&#8243; background_hover_color_opacity=&#8221;1&#8243; column_shadow=&#8221;none&#8221; column_border_radius=&#8221;none&#8221; width=&#8221;1\/6&#8243; tablet_text_alignment=&#8221;default&#8221; phone_text_alignment=&#8221;default&#8221; column_border_width=&#8221;none&#8221; column_border_style=&#8221;solid&#8221;][vc_column_text]<img loading=\"lazy\" class=\"aligncenter size-full wp-image-3629\" src=\"https:\/\/en.germansuzuki.com\/wp-content\/uploads\/2018\/03\/germany.png\" alt=\"\" width=\"640\" height=\"451\" srcset=\"https:\/\/en.germansuzuki.com\/wp-content\/uploads\/2018\/03\/germany.png 640w, https:\/\/en.germansuzuki.com\/wp-content\/uploads\/2018\/03\/germany-300x211.png 300w\" sizes=\"(max-width: 640px) 100vw, 640px\" \/>[\/vc_column_text][\/vc_column][vc_column column_padding=&#8221;no-extra-padding&#8221; column_padding_position=&#8221;all&#8221; background_color_opacity=&#8221;1&#8243; background_hover_color_opacity=&#8221;1&#8243; column_shadow=&#8221;none&#8221; column_border_radius=&#8221;none&#8221; width=&#8221;2\/3&#8243; tablet_text_alignment=&#8221;default&#8221; phone_text_alignment=&#8221;default&#8221; column_border_width=&#8221;none&#8221; column_border_style=&#8221;solid&#8221;]<div class=\"divider-wrap\"><div style=\"height: 25px;\" class=\"divider\"><\/div><\/div><div class=\"divider-wrap\"><div style=\"height: 25px;\" class=\"divider\"><\/div><\/div>[vc_column_text]\n<h3><a href=\"https:\/\/en.germansuzuki.com\/?page_id=3894\"><span style=\"color: #000080;\"><span id=\"result_box\" class=\"short_text\" lang=\"es\" tabindex=\"-1\"><span class=\"\">Deutsche Version<\/span><\/span><\/span><\/a><\/h3>\n<h3><a href=\"https:\/\/en.germansuzuki.com\/?page_id=3894\"><span style=\"color: #000080;\">Information zur Handelsmarke <em>SUZUKI<\/em><\/span><\/a><\/h3>\n[\/vc_column_text][\/vc_column][\/vc_row][vc_row type=&#8221;in_container&#8221; full_screen_row_position=&#8221;middle&#8221; scene_position=&#8221;center&#8221; text_color=&#8221;dark&#8221; text_align=&#8221;left&#8221; overlay_strength=&#8221;0.3&#8243; shape_divider_position=&#8221;bottom&#8221;][vc_column column_padding=&#8221;no-extra-padding&#8221; column_padding_position=&#8221;all&#8221; background_color_opacity=&#8221;1&#8243; background_hover_color_opacity=&#8221;1&#8243; column_shadow=&#8221;none&#8221; column_border_radius=&#8221;none&#8221; width=&#8221;1\/6&#8243; tablet_text_alignment=&#8221;default&#8221; phone_text_alignment=&#8221;default&#8221; column_border_width=&#8221;none&#8221; column_border_style=&#8221;solid&#8221;]<div class=\"divider-wrap\"><div style=\"height: 25px;\" class=\"divider\"><\/div><\/div>[\/vc_column][vc_column column_padding=&#8221;no-extra-padding&#8221; column_padding_position=&#8221;all&#8221; background_color_opacity=&#8221;1&#8243; background_hover_color_opacity=&#8221;1&#8243; column_shadow=&#8221;none&#8221; column_border_radius=&#8221;none&#8221; width=&#8221;1\/6&#8243; tablet_text_alignment=&#8221;default&#8221; phone_text_alignment=&#8221;default&#8221; column_border_width=&#8221;none&#8221; column_border_style=&#8221;solid&#8221;][vc_column_text]<img loading=\"lazy\" class=\"aligncenter size-full wp-image-3970\" src=\"https:\/\/en.germansuzuki.com\/wp-content\/uploads\/2018\/08\/flagge-italien.gif\" alt=\"\" width=\"500\" height=\"292\" \/>[\/vc_column_text][\/vc_column][vc_column column_padding=&#8221;no-extra-padding&#8221; column_padding_position=&#8221;all&#8221; background_color_opacity=&#8221;1&#8243; background_hover_color_opacity=&#8221;1&#8243; column_shadow=&#8221;none&#8221; column_border_radius=&#8221;none&#8221; width=&#8221;2\/3&#8243; tablet_text_alignment=&#8221;default&#8221; phone_text_alignment=&#8221;default&#8221; column_border_width=&#8221;none&#8221; column_border_style=&#8221;solid&#8221;]<div class=\"divider-wrap\"><div style=\"height: 25px;\" class=\"divider\"><\/div><\/div><div class=\"divider-wrap\"><div style=\"height: 25px;\" class=\"divider\"><\/div><\/div>[vc_column_text]\n<h3><span style=\"color: #000080;\"><a style=\"color: #000080;\" href=\"https:\/\/en.germansuzuki.com\/?page_id=622\"><strong>Versione italiana<\/strong><\/a><\/span><\/h3>\n<h3><a href=\"https:\/\/en.germansuzuki.com\/?page_id=622\"><span style=\"color: #000080;\"><strong>Informazioni sul marchio <\/strong><\/span><strong><em><span style=\"color: #000080;\">SUZUKI<\/span><\/em><\/strong><\/a><\/h3>\n[\/vc_column_text][\/vc_column][\/vc_row][vc_row type=&#8221;in_container&#8221; full_screen_row_position=&#8221;middle&#8221; scene_position=&#8221;center&#8221; text_color=&#8221;dark&#8221; text_align=&#8221;left&#8221; overlay_strength=&#8221;0.3&#8243; shape_divider_position=&#8221;bottom&#8221;][vc_column column_padding=&#8221;no-extra-padding&#8221; column_padding_position=&#8221;all&#8221; background_color_opacity=&#8221;1&#8243; background_hover_color_opacity=&#8221;1&#8243; column_shadow=&#8221;none&#8221; column_border_radius=&#8221;none&#8221; width=&#8221;1\/1&#8243; tablet_text_alignment=&#8221;default&#8221; phone_text_alignment=&#8221;default&#8221; column_border_width=&#8221;none&#8221; column_border_style=&#8221;solid&#8221;][\/vc_column][\/vc_row]\n","protected":false},"excerpt":{"rendered":"<p>[vc_row type=&#8221;in_container&#8221; full_screen_row_position=&#8221;middle&#8221; scene_position=&#8221;center&#8221; text_color=&#8221;dark&#8221; text_align=&#8221;left&#8221; id=&#8221;quote&#8221; overlay_strength=&#8221;0.3&#8243; shape_divider_position=&#8221;bottom&#8221; shape_type=&#8221;&#8221;][vc_column column_padding=&#8221;no-extra-padding&#8221; column_padding_position=&#8221;all&#8221; background_color=&#8221;#eaeaea&#8221; background_color_opacity=&#8221;1&#8243; background_hover_color_opacity=&#8221;1&#8243; column_shadow=&#8221;none&#8221; column_border_radius=&#8221;none&#8221; width=&#8221;1\/1&#8243; tablet_text_alignment=&#8221;default&#8221; phone_text_alignment=&#8221;default&#8221; column_border_width=&#8221;none&#8221; column_border_style=&#8221;solid&#8221;][vc_column_text] Information sur la marque SUZUKI [\/vc_column_text][vc_column_text] La situation&#8230;<\/p>\n","protected":false},"author":2,"featured_media":0,"parent":0,"menu_order":0,"comment_status":"closed","ping_status":"closed","template":"","meta":[],"_links":{"self":[{"href":"https:\/\/en.germansuzuki.com\/index.php?rest_route=\/wp\/v2\/pages\/3941"}],"collection":[{"href":"https:\/\/en.germansuzuki.com\/index.php?rest_route=\/wp\/v2\/pages"}],"about":[{"href":"https:\/\/en.germansuzuki.com\/index.php?rest_route=\/wp\/v2\/types\/page"}],"author":[{"embeddable":true,"href":"https:\/\/en.germansuzuki.com\/index.php?rest_route=\/wp\/v2\/users\/2"}],"replies":[{"embeddable":true,"href":"https:\/\/en.germansuzuki.com\/index.php?rest_route=%2Fwp%2Fv2%2Fcomments&post=3941"}],"version-history":[{"count":16,"href":"https:\/\/en.germansuzuki.com\/index.php?rest_route=\/wp\/v2\/pages\/3941\/revisions"}],"predecessor-version":[{"id":3988,"href":"https:\/\/en.germansuzuki.com\/index.php?rest_route=\/wp\/v2\/pages\/3941\/revisions\/3988"}],"wp:attachment":[{"href":"https:\/\/en.germansuzuki.com\/index.php?rest_route=%2Fwp%2Fv2%2Fmedia&parent=3941"}],"curies":[{"name":"wp","href":"https:\/\/api.w.org\/{rel}","templated":true}]}}